{"id":594,"date":"2021-04-06T16:57:10","date_gmt":"2021-04-06T16:57:10","guid":{"rendered":"https:\/\/www.rochas.com\/?page_id=594"},"modified":"2023-02-17T10:42:24","modified_gmt":"2023-02-17T10:42:24","slug":"philosophie","status":"publish","type":"page","link":"https:\/\/www.rochas.com\/fr\/philosophie","title":{"rendered":"La Philosophie"},"content":{"rendered":"\n\n<section id=\"disko-component-banniere-promotionnelle-block_60e2deddc9793\" class=\"disko-component disko-component-banniere-promotionnelle has-title\" data-header-color=\"white\"\ndata-associated-perfume-category=\"\">\n    \n    <!-- specific styling -->\n    <style type=\"text\/css\">\n        #disko-component-banniere-promotionnelle-block_60e2deddc9793 {\n            color: white;\n            --triangle-color: white;\n        }\n        #disko-component-banniere-promotionnelle-block_60e2deddc9793 .description {\n            order: 0;\n        }\n        #disko-component-banniere-promotionnelle-block_60e2deddc9793 .underlined-cta {\n            --underline-color: white;\n        }\n    <\/style>\n\n            <picture>\n    \t\t<!-- Extra small devices (portrait phones, less than 768px) -->\n    \t\t<source media=\"(max-width: 767px)\" srcset=\"https:\/\/www.rochas.com\/wp-content\/uploads\/2021\/06\/DSC_9680-150x150.jpg 150w, https:\/\/www.rochas.com\/wp-content\/uploads\/2021\/06\/DSC_9680-300x200.jpg 300w, https:\/\/www.rochas.com\/wp-content\/uploads\/2021\/06\/DSC_9680-768x512.jpg 768w, https:\/\/www.rochas.com\/wp-content\/uploads\/2021\/06\/DSC_9680-1024x683.jpg 1024w, https:\/\/www.rochas.com\/wp-content\/uploads\/2021\/06\/DSC_9680-1536x1024.jpg 1536w, https:\/\/www.rochas.com\/wp-content\/uploads\/2021\/06\/DSC_9680-2048x1365.jpg 2048w, https:\/\/www.rochas.com\/wp-content\/uploads\/2021\/06\/DSC_9680-scaled.jpg 683w\" loading=\"lazy\" type=\"image\/jpeg\" \/>\n    \t\t<!-- Medium devices (tablets, 768px and up) -->\n    \t\t<source media=\"(min-width: 768px)\" srcset=\"https:\/\/www.rochas.com\/wp-content\/uploads\/2021\/06\/DSC_9680-150x150.jpg 150w, https:\/\/www.rochas.com\/wp-content\/uploads\/2021\/06\/DSC_9680-300x200.jpg 300w, https:\/\/www.rochas.com\/wp-content\/uploads\/2021\/06\/DSC_9680-768x512.jpg 768w, https:\/\/www.rochas.com\/wp-content\/uploads\/2021\/06\/DSC_9680-1024x683.jpg 1024w, https:\/\/www.rochas.com\/wp-content\/uploads\/2021\/06\/DSC_9680-1536x1024.jpg 1536w, https:\/\/www.rochas.com\/wp-content\/uploads\/2021\/06\/DSC_9680-2048x1365.jpg 2048w, https:\/\/www.rochas.com\/wp-content\/uploads\/2021\/06\/DSC_9680-scaled.jpg 683w\" loading=\"lazy\" type=\"image\/jpeg\" \/>\n    \t\t<!-- fallback -->\n    \t\t<img decoding=\"async\" srcset=\"https:\/\/www.rochas.com\/wp-content\/uploads\/2021\/06\/DSC_9680-150x150.jpg 150w, https:\/\/www.rochas.com\/wp-content\/uploads\/2021\/06\/DSC_9680-300x200.jpg 300w, https:\/\/www.rochas.com\/wp-content\/uploads\/2021\/06\/DSC_9680-768x512.jpg 768w, https:\/\/www.rochas.com\/wp-content\/uploads\/2021\/06\/DSC_9680-1024x683.jpg 1024w, https:\/\/www.rochas.com\/wp-content\/uploads\/2021\/06\/DSC_9680-1536x1024.jpg 1536w, https:\/\/www.rochas.com\/wp-content\/uploads\/2021\/06\/DSC_9680-2048x1365.jpg 2048w, https:\/\/www.rochas.com\/wp-content\/uploads\/2021\/06\/DSC_9680-scaled.jpg 683w\" src=\"https:\/\/www.rochas.com\/wp-content\/uploads\/2021\/06\/DSC_9680-scaled.jpg\" loading=\"lazy\" class=\"background-media\" alt=\"\"\/>\n        <\/picture>\n        \n            <h1 class=\"title-xl disko-animate-onload\">LA PHILOSOPHIE <br \/>\r\nROCHAS<\/h1>\n        \n        \n        \n        \n<\/section>\n\n\n\n\n\n\n<section id=\"disko-component-quinconce-block_60e2db931a93a\" class=\"disko-component disko-component-quinconce text-first \">\n    \n    <!-- specific styling -->\n    <style type=\"text\/css\">\n        #disko-component-quinconce-block_60e2db931a93a .grid-item__title.quotation-mark > :first-child::before\n        {\n          color: #FCC200;\n        }\n    <\/style>\n\n        <div class=\"sticky-container\">\n        <h1 class=\"quinconce-title\">LES VALEURS<br \/>\r\nROCHAS<br \/>\r\n<\/h1>\n    <\/div>\n        <div class=\"quinconce-grid\">                <div class=\"grid-item\">\n            <div class=\"wysiwyg\">\n                \n                                <h2 class=\"grid-item__title \">\n                  <p>Audace et<br \/>\n \u00e9l\u00e9gance<\/p>\n                <\/h2>\n                                \n                <p>Pour Rochas, l\u2019\u00e9l\u00e9gance est une question de style, jamais de tendance. Une \u00e9l\u00e9gance moderne, insouciante, avec un twist audacieux. En pr\u00eat-\u00e0-porter comme en parfumerie, les cr\u00e9ations sonnent comme des manifestes de libert\u00e9. <\/p>\n                \n                            <\/div>\n            <div class=\"img-container\">\n                <div class=\"caption-wrapper\">\n                                            <img decoding=\"async\" srcset=\"https:\/\/www.rochas.com\/wp-content\/uploads\/2023\/02\/2022_EAU-DE-ROCHAS_MOF_MODEL-5-150x150.jpg 150w, https:\/\/www.rochas.com\/wp-content\/uploads\/2023\/02\/2022_EAU-DE-ROCHAS_MOF_MODEL-5-200x300.jpg 200w, https:\/\/www.rochas.com\/wp-content\/uploads\/2023\/02\/2022_EAU-DE-ROCHAS_MOF_MODEL-5-768x1152.jpg 768w, https:\/\/www.rochas.com\/wp-content\/uploads\/2023\/02\/2022_EAU-DE-ROCHAS_MOF_MODEL-5-683x1024.jpg 683w, https:\/\/www.rochas.com\/wp-content\/uploads\/2023\/02\/2022_EAU-DE-ROCHAS_MOF_MODEL-5-1024x1536.jpg 1024w, https:\/\/www.rochas.com\/wp-content\/uploads\/2023\/02\/2022_EAU-DE-ROCHAS_MOF_MODEL-5-1366x2048.jpg 1366w, https:\/\/www.rochas.com\/wp-content\/uploads\/2023\/02\/2022_EAU-DE-ROCHAS_MOF_MODEL-5-scaled.jpg 683w\" src=\"https:\/\/www.rochas.com\/wp-content\/uploads\/2023\/02\/2022_EAU-DE-ROCHAS_MOF_MODEL-5-scaled.jpg\" loading=\"lazy\" sizes=\"(max-width: 767px) 84vw, 38vw\" alt=\"\">\n                                        <div class=\"caption\">\n                        <p>Eau de Rochas<\/p>\n                        <p>1<\/p>\n                    <\/div>\n                <\/div>\n            <\/div>\n        <\/div>\n                    <div class=\"grid-item\">\n            <div class=\"wysiwyg\">\n                \n                                <h2 class=\"grid-item__title \">\n                  <p>La jeunesse<br \/>\nau coeur<\/p>\n                <\/h2>\n                                \n                <p>\u00c0 la t\u00eate de sa propre maison de couture \u00e0 seulement 23 ans, Marcel Rochas construit le vestiaire de la jeune Parisienne : la veste canadienne, le noir et blanc, le pyjama de plage, le m\u00e9lange des mati\u00e8res et des imprim\u00e9s, les silhouettes fra\u00eeches et sportives\u2026 Il sera \u00e9galement le premier couturier \u00e0 cr\u00e9er des bijoux et accessoires de mode sous son nom. Une audace esth\u00e9tique qui vaut au couturier les louanges du magazine Vogue Paris et le titre de \u201ccouturier de la jeunesse\u201d. En 2021, Charles de Vilmorin, 24 ans, est nomm\u00e9 \u00e0 la t\u00eate de la cr\u00e9ation de Rochas. Le jeune cr\u00e9ateur injecte son style et sa singularit\u00e9 dans les nouvelles collections de pr\u00eat-\u00e0-porter, en conciliant h\u00e9ritage et modernit\u00e9. Une rel\u00e8ve prometteuse.<\/p>\n                \n                            <\/div>\n            <div class=\"img-container\">\n                <div class=\"caption-wrapper\">\n                                            <img decoding=\"async\" srcset=\"https:\/\/www.rochas.com\/wp-content\/uploads\/2021\/07\/DSC_9299-1-150x150.jpg 150w, https:\/\/www.rochas.com\/wp-content\/uploads\/2021\/07\/DSC_9299-1-214x300.jpg 214w, https:\/\/www.rochas.com\/wp-content\/uploads\/2021\/07\/DSC_9299-1-768x1077.jpg 768w, https:\/\/www.rochas.com\/wp-content\/uploads\/2021\/07\/DSC_9299-1-730x1024.jpg 730w, https:\/\/www.rochas.com\/wp-content\/uploads\/2021\/07\/DSC_9299-1-1095x1536.jpg 1095w, https:\/\/www.rochas.com\/wp-content\/uploads\/2021\/07\/DSC_9299-1-1460x2048.jpg 1460w, https:\/\/www.rochas.com\/wp-content\/uploads\/2021\/07\/DSC_9299-1-scaled.jpg 683w\" src=\"https:\/\/www.rochas.com\/wp-content\/uploads\/2021\/07\/DSC_9299-1-scaled.jpg\" loading=\"lazy\" sizes=\"(max-width: 767px) 84vw, 38vw\" alt=\"\">\n                                        <div class=\"caption\">\n                        <p>Charles de Vilmorin<\/p>\n                        <p>2<\/p>\n                    <\/div>\n                <\/div>\n            <\/div>\n        <\/div>\n                    <div class=\"grid-item\">\n            <div class=\"wysiwyg\">\n                \n                                <h2 class=\"grid-item__title \">\n                  <p>L&rsquo;esprit<br \/>\nde la f\u00eate<\/p>\n                <\/h2>\n                                \n                <p>Les cr\u00e9ations de pr\u00eat-\u00e0-porter et de parfum Rochas sont mues par la gaiet\u00e9 et les \u00e9motions vives. Chaque jour est une f\u00eate. Le plaisir assum\u00e9 de se parer le jour comme la nuit, de se jouer des codes de la mode pour mieux se les approprier, et de porter un parfum empreint de cet \u00e9tat d&rsquo;esprit joyeux et optimiste. <\/p>\n                \n                            <\/div>\n            <div class=\"img-container\">\n                <div class=\"caption-wrapper\">\n                                            <img decoding=\"async\" srcset=\"https:\/\/www.rochas.com\/wp-content\/uploads\/2023\/02\/ROCHAS_GIRL_2021_DIGITAL_ASSETS_MODEL_MOF16-150x150.jpg 150w, https:\/\/www.rochas.com\/wp-content\/uploads\/2023\/02\/ROCHAS_GIRL_2021_DIGITAL_ASSETS_MODEL_MOF16-200x300.jpg 200w, https:\/\/www.rochas.com\/wp-content\/uploads\/2023\/02\/ROCHAS_GIRL_2021_DIGITAL_ASSETS_MODEL_MOF16-768x1152.jpg 768w, https:\/\/www.rochas.com\/wp-content\/uploads\/2023\/02\/ROCHAS_GIRL_2021_DIGITAL_ASSETS_MODEL_MOF16-683x1024.jpg 683w, https:\/\/www.rochas.com\/wp-content\/uploads\/2023\/02\/ROCHAS_GIRL_2021_DIGITAL_ASSETS_MODEL_MOF16-1024x1536.jpg 1024w, https:\/\/www.rochas.com\/wp-content\/uploads\/2023\/02\/ROCHAS_GIRL_2021_DIGITAL_ASSETS_MODEL_MOF16-1365x2048.jpg 1365w, https:\/\/www.rochas.com\/wp-content\/uploads\/2023\/02\/ROCHAS_GIRL_2021_DIGITAL_ASSETS_MODEL_MOF16-scaled.jpg 683w\" src=\"https:\/\/www.rochas.com\/wp-content\/uploads\/2023\/02\/ROCHAS_GIRL_2021_DIGITAL_ASSETS_MODEL_MOF16-scaled.jpg\" loading=\"lazy\" sizes=\"(max-width: 767px) 84vw, 38vw\" alt=\"\">\n                                        <div class=\"caption\">\n                        <p>Girl<\/p>\n                        <p>3<\/p>\n                    <\/div>\n                <\/div>\n            <\/div>\n        <\/div>\n    <\/div>\n<\/section>\n\n\n\n\n\n<section id=\"disko-component-slider-square-block_6082e60ebc392\" class=\"disko-component disko-component-slider-square\" data-header-color=\"white\">\n   \n    <h1 class=\"animated-title\" data-title=\"Les Incontournables Rochas&nbsp;\u2014&nbsp;\">Les Incontournables Rochas&nbsp;\u2014&nbsp;<\/h1>\n        <div class=\"swiper-container\">\n        <div class=\"swiper-wrapper\">\n                        <div class=\"swiper-slide\">\n\n                <div class=\"text-container\" data-swiper-parallax=\"-100%\" data-swiper-parallax-opacity=\"-10\">\n                    \n                    <h2 class=\"title\"><p>Les rubans <\/p>\n<\/h2>\n                    \n                    <p>Les n\u0153uds et les rubans font partie des f\u00e9tiches de la maison Rochas. R\u00e9interpr\u00e9t\u00e9s \u00e0 chaque collection, ces accessoires sont gliss\u00e9s \u00e0 l&rsquo;int\u00e9rieur des v\u00eatements, d\u00e9clin\u00e9s sur tous les \u00e9tuis \u00e0 parfums et habillent le parfum Mademoiselle. <\/p>\n                <\/div>\n                \n                                    <img decoding=\"async\" srcset=\"https:\/\/www.rochas.com\/wp-content\/uploads\/2021\/04\/MG_0029-copie-150x150.jpg 150w, https:\/\/www.rochas.com\/wp-content\/uploads\/2021\/04\/MG_0029-copie-300x200.jpg 300w, https:\/\/www.rochas.com\/wp-content\/uploads\/2021\/04\/MG_0029-copie-768x512.jpg 768w, https:\/\/www.rochas.com\/wp-content\/uploads\/2021\/04\/MG_0029-copie-1024x683.jpg 1024w, https:\/\/www.rochas.com\/wp-content\/uploads\/2021\/04\/MG_0029-copie-1536x1024.jpg 1536w, https:\/\/www.rochas.com\/wp-content\/uploads\/2021\/04\/MG_0029-copie-2048x1365.jpg 2048w, https:\/\/www.rochas.com\/wp-content\/uploads\/2021\/04\/MG_0029-copie-scaled.jpg 683w\" src=\"https:\/\/www.rochas.com\/wp-content\/uploads\/2021\/04\/MG_0029-copie-scaled.jpg\" loading=\"lazy\" sizes=\"(max-width: 767px) 50vw, 33vw\" class=\"picture\">\n                                \n            <\/div>\n                        <div class=\"swiper-slide\">\n\n                <div class=\"text-container\" data-swiper-parallax=\"-100%\" data-swiper-parallax-opacity=\"-10\">\n                    \n                    <h2 class=\"title\"><p>La rose de Mai <\/p>\n<\/h2>\n                    \n                    <p>La rose est l\u2019un des symboles de la maison Rochas. D\u00e8s les ann\u00e9es 1920, cette fleur est r\u00e9invent\u00e9e de mille et une fa\u00e7ons dans les cr\u00e9ations haute-couture de Marcel Rochas. \r\nEmbl\u00e9matique du pays de Grasse dans le sud-est de la France, la Rose de Mai se caract\u00e9rise par ses senteurs douces et l\u00e9g\u00e8rement \u00e9pic\u00e9es. Cueillie \u00e0 la main \u00e0 peine \u00e9close durant le mois de mai, c\u2019est main dans la main avec les producteurs de la r\u00e9gion que Rochas fa\u00e7onne aujourd\u2019hui une rose Centifolia \u201csur-mesure\u201d pour son parfum Mademoiselle. <\/p>\n                <\/div>\n                \n                                    <img decoding=\"async\" srcset=\"https:\/\/www.rochas.com\/wp-content\/uploads\/2021\/04\/Rectangle-2-Copy-2-150x150.png 150w, https:\/\/www.rochas.com\/wp-content\/uploads\/2021\/04\/Rectangle-2-Copy-2-300x300.png 300w, https:\/\/www.rochas.com\/wp-content\/uploads\/2021\/04\/Rectangle-2-Copy-2-768x768.png 768w, https:\/\/www.rochas.com\/wp-content\/uploads\/2021\/04\/Rectangle-2-Copy-2.png 900w, https:\/\/www.rochas.com\/wp-content\/uploads\/2021\/04\/Rectangle-2-Copy-2.png 683w\" src=\"https:\/\/www.rochas.com\/wp-content\/uploads\/2021\/04\/Rectangle-2-Copy-2.png\" loading=\"lazy\" sizes=\"(max-width: 767px) 50vw, 33vw\" class=\"picture\">\n                                \n            <\/div>\n                        <div class=\"swiper-slide\">\n\n                <div class=\"text-container\" data-swiper-parallax=\"-100%\" data-swiper-parallax-opacity=\"-10\">\n                    \n                    <h2 class=\"title\"><p>La dentelle<\/p>\n<\/h2>\n                    \n                    <p>La dentelle de chantilly entre au g\u00e9n\u00e9rique des collections haute couture en 1943. \r\nLa fameuse gu\u00eapi\u00e8re en satin rose clair et tulle est recouverte de dentelle chantilly noire. Cr\u00e9\u00e9e pour la premi\u00e8re fois par Marcel Rochas, la gu\u00eapi\u00e8re est par la suite port\u00e9e par Mae West, la c\u00e9l\u00e8bre actrice de l&rsquo;\u00e2ge d\u2019or hollywoodien. Une d\u00e9monstration d&rsquo;audace et de sensualit\u00e9 qui donnera au couturier l\u2019id\u00e9e d\u2019habiller d\u2019un motif dentelle les \u00e9tuis des premiers parfums tels que Femme. \r\n<\/p>\n                <\/div>\n                \n                                    <img decoding=\"async\" srcset=\"https:\/\/www.rochas.com\/wp-content\/uploads\/2021\/04\/Rectangle-2-Copy-2-1-150x150.png 150w, https:\/\/www.rochas.com\/wp-content\/uploads\/2021\/04\/Rectangle-2-Copy-2-1-300x300.png 300w, https:\/\/www.rochas.com\/wp-content\/uploads\/2021\/04\/Rectangle-2-Copy-2-1-768x768.png 768w, https:\/\/www.rochas.com\/wp-content\/uploads\/2021\/04\/Rectangle-2-Copy-2-1.png 900w, https:\/\/www.rochas.com\/wp-content\/uploads\/2021\/04\/Rectangle-2-Copy-2-1.png 683w\" src=\"https:\/\/www.rochas.com\/wp-content\/uploads\/2021\/04\/Rectangle-2-Copy-2-1.png\" loading=\"lazy\" sizes=\"(max-width: 767px) 50vw, 33vw\" class=\"picture\">\n                                \n            <\/div>\n                    <\/div>\n        \n        <div class=\"swiper-button-prev\">\n            <svg class=\"slider-fullscreen-arrow-svg\" xmlns=\"http:\/\/www.w3.org\/2000\/svg\" width=\"5\" height=\"25\" fill=\"var(--color, #000000)\" viewBox=\"0 0 5 25\" xmlns:v=\"https:\/\/vecta.io\/nano\"><path d=\"M1.97 1.058L.673 2.897c-.105.15-.308.182-.452.073s-.176-.32-.071-.47L1.66.359C1.821.131 2.055 0 2.301 0h0 .001c.246.001.48.132.642.363l1.494 2.139c.105.15.073.361-.072.468s-.348.075-.451-.075L2.617 1.037V25H1.97V1.058z\" fill-rule=\"evenodd\"\/><\/svg>        <\/div>\n        <div class=\"swiper-pagination sans-serif\"><\/div>\n        <div class=\"swiper-button-next\">\n            <svg class=\"slider-fullscreen-arrow-svg\" xmlns=\"http:\/\/www.w3.org\/2000\/svg\" width=\"5\" height=\"25\" fill=\"var(--color, #000000)\" viewBox=\"0 0 5 25\" xmlns:v=\"https:\/\/vecta.io\/nano\"><path d=\"M1.97 1.058L.673 2.897c-.105.15-.308.182-.452.073s-.176-.32-.071-.47L1.66.359C1.821.131 2.055 0 2.301 0h0 .001c.246.001.48.132.642.363l1.494 2.139c.105.15.073.361-.072.468s-.348.075-.451-.075L2.617 1.037V25H1.97V1.058z\" fill-rule=\"evenodd\"\/><\/svg>        <\/div>\n        \n        <div class=\"navigation-pagination-container\">\n            \n        <\/div>\n    <\/div>\n        \n<\/section>\n\n<!-- specific styling -->\n<style type=\"text\/css\">\n    #disko-component-slider-square-block_6082e60ebc392 {\n        background-color: #001F71;\n        color: white;\n        --color: white;\n        --slide-direction: row-reverse;\n    }\n    #disko-component-slider-square-block_6082e60ebc392 .animated-title {\n        --stroke-color: #dcddf4;\n        animation-duration: 26s;\n    }\n<\/style>\n\n\n\n\n<section id=\"disko-component-quinconce-block_611b88d54d3f5\" class=\"disko-component disko-component-quinconce text-first \">\n    \n    <!-- specific styling -->\n    <style type=\"text\/css\">\n        #disko-component-quinconce-block_611b88d54d3f5 .grid-item__title.quotation-mark > :first-child::before\n        {\n          color: #FCC200;\n        }\n    <\/style>\n\n        <div class=\"quinconce-grid\">                <div class=\"grid-item\">\n            <div class=\"wysiwyg\">\n                \n                                <h2 class=\"grid-item__title \">\n                  <p>Direction<br \/>\nArtistique<\/p>\n                <\/h2>\n                                \n                <p>En 2021, Charles de Vilmorin, jeune dipl\u00f4m\u00e9 de la Chambre syndicale de la couture parisienne est entr\u00e9 dans le cercle restreint de la mode fran\u00e7aise, \u00e0 24 ans seulement, en devenant Directeur Artistique de Rochas. Cr\u00e9ateur surdou\u00e9, sa vision instinctive et spontan\u00e9e du design et sa passion de la couleur avait d\u00e9j\u00e0 fait sensation en quelques mois auparavant, lorsqu\u2019il pr\u00e9sente une premi\u00e8re collection capsule \u00e0 son nom, inspir\u00e9e des univers de Niki de Saint Phalle, Chagall, Klimt ou Odilon Redon. Son savoir-faire impressionne. Charles de Vilmorin est alors rapidement choisi comme membre invit\u00e9 \u00e0 la semaine de la haute couture de Paris. Le milieu de la mode s&rsquo;enthousiasme pour sa jeunesse, ses couleurs, ses formes g\u00e9om\u00e9triques XXL, sa fra\u00eecheur.<br \/>\nEn  septembre 2021, \u00e0 la Fashion Week Printemps-Et\u00e9 2022 de Paris, il pr\u00e9sente son premier d\u00e9fil\u00e9 en tant que Directeur Artistique de la Maison Rochas.<\/p>\n                \n                            <\/div>\n            <div class=\"img-container\">\n                <div class=\"caption-wrapper\">\n                                            <img decoding=\"async\" srcset=\"https:\/\/www.rochas.com\/wp-content\/uploads\/2021\/02\/CHARLES_ROCHAS_1-150x150.jpg 150w, https:\/\/www.rochas.com\/wp-content\/uploads\/2021\/02\/CHARLES_ROCHAS_1-200x300.jpg 200w, https:\/\/www.rochas.com\/wp-content\/uploads\/2021\/02\/CHARLES_ROCHAS_1-768x1152.jpg 768w, https:\/\/www.rochas.com\/wp-content\/uploads\/2021\/02\/CHARLES_ROCHAS_1-683x1024.jpg 683w, https:\/\/www.rochas.com\/wp-content\/uploads\/2021\/02\/CHARLES_ROCHAS_1-1024x1536.jpg 1024w, https:\/\/www.rochas.com\/wp-content\/uploads\/2021\/02\/CHARLES_ROCHAS_1-1365x2048.jpg 1365w, https:\/\/www.rochas.com\/wp-content\/uploads\/2021\/02\/CHARLES_ROCHAS_1-scaled.jpg 683w\" src=\"https:\/\/www.rochas.com\/wp-content\/uploads\/2021\/02\/CHARLES_ROCHAS_1-scaled.jpg\" loading=\"lazy\" sizes=\"(max-width: 767px) 84vw, 38vw\" alt=\"\">\n                                        <div class=\"caption\">\n                        <p>Charles de Vilmorin<\/p>\n                        <p>4<\/p>\n                    <\/div>\n                <\/div>\n            <\/div>\n        <\/div>\n    <\/div>\n<\/section>\n\n\n\n\n\n<div class=\"wp-block-columns is-layout-flex wp-container-core-columns-layout-2 wp-block-columns-is-layout-flex\">\n<div class=\"wp-block-column is-layout-flow wp-block-column-is-layout-flow\" style=\"flex-basis:100%\">\n<div class=\"wp-block-group is-layout-flow wp-block-group-is-layout-flow\"><div class=\"wp-block-group__inner-container\">\n<div class=\"wp-block-columns is-layout-flex wp-container-core-columns-layout-1 wp-block-columns-is-layout-flex\">\n<div class=\"wp-block-column is-layout-flow wp-block-column-is-layout-flow\" style=\"flex-basis:10%\"><\/div>\n\n\n\n<div class=\"wp-block-column is-layout-flow wp-block-column-is-layout-flow\" style=\"flex-basis:80%\">\n<blockquote class=\"wp-block-quote has-text-align-center\"><p><em>Rochas est une marque qui occupe une place particuli\u00e8re dans mon c\u0153ur, en raison de mes racines familiales et de l\u2019h\u00e9ritage de cette marque si riche et inspirant. J\u2019ai h\u00e2te d\u2019apporter ma touche personnelle et de r\u00e9interpr\u00e9ter les codes de cette belle Maison.<\/em><\/p><cite>Charles de Vilmorin<\/cite><\/blockquote>\n<\/div>\n\n\n\n<div class=\"wp-block-column is-layout-flow wp-block-column-is-layout-flow\" style=\"flex-basis:10%\"><\/div>\n<\/div>\n<\/div><\/div>\n<\/div>\n<\/div>\n\n\n\n\n<section id=\"disko-component-banniere-promotionnelle-block_60e2e13c410e9\" class=\"disko-component disko-component-banniere-promotionnelle has-title\" data-header-color=\"white\"\ndata-associated-perfume-category=\"\">\n    \n    <!-- specific styling -->\n    <style type=\"text\/css\">\n        #disko-component-banniere-promotionnelle-block_60e2e13c410e9 {\n            color: white;\n            --triangle-color: white;\n        }\n        #disko-component-banniere-promotionnelle-block_60e2e13c410e9 .description {\n            order: 0;\n        }\n        #disko-component-banniere-promotionnelle-block_60e2e13c410e9 .underlined-cta {\n            --underline-color: white;\n        }\n    <\/style>\n\n            <picture>\n    \t\t<!-- Extra small devices (portrait phones, less than 768px) -->\n    \t\t<source media=\"(max-width: 767px)\" srcset=\"https:\/\/www.rochas.com\/wp-content\/uploads\/2023\/02\/banniere-prefall-hp-mobile-2-150x150.png 150w, https:\/\/www.rochas.com\/wp-content\/uploads\/2023\/02\/banniere-prefall-hp-mobile-2-169x300.png 169w, https:\/\/www.rochas.com\/wp-content\/uploads\/2023\/02\/banniere-prefall-hp-mobile-2-768x1365.png 768w, https:\/\/www.rochas.com\/wp-content\/uploads\/2023\/02\/banniere-prefall-hp-mobile-2-576x1024.png 576w, https:\/\/www.rochas.com\/wp-content\/uploads\/2023\/02\/banniere-prefall-hp-mobile-2-864x1536.png 864w, https:\/\/www.rochas.com\/wp-content\/uploads\/2023\/02\/banniere-prefall-hp-mobile-2-1152x2048.png 1152w, https:\/\/www.rochas.com\/wp-content\/uploads\/2023\/02\/banniere-prefall-hp-mobile-2.png 576w\" loading=\"lazy\" type=\"image\/png\" \/>\n    \t\t<!-- Medium devices (tablets, 768px and up) -->\n    \t\t<source media=\"(min-width: 768px)\" srcset=\"https:\/\/www.rochas.com\/wp-content\/uploads\/2023\/02\/banniere-prefall-hp-4-150x150.png 150w, https:\/\/www.rochas.com\/wp-content\/uploads\/2023\/02\/banniere-prefall-hp-4-300x150.png 300w, https:\/\/www.rochas.com\/wp-content\/uploads\/2023\/02\/banniere-prefall-hp-4-768x384.png 768w, https:\/\/www.rochas.com\/wp-content\/uploads\/2023\/02\/banniere-prefall-hp-4-1024x512.png 1024w, https:\/\/www.rochas.com\/wp-content\/uploads\/2023\/02\/banniere-prefall-hp-4-1536x768.png 1536w, https:\/\/www.rochas.com\/wp-content\/uploads\/2023\/02\/banniere-prefall-hp-4-2048x1024.png 2048w, https:\/\/www.rochas.com\/wp-content\/uploads\/2023\/02\/banniere-prefall-hp-4.png 683w\" loading=\"lazy\" type=\"image\/png\" \/>\n    \t\t<!-- fallback -->\n    \t\t<img decoding=\"async\" srcset=\"https:\/\/www.rochas.com\/wp-content\/uploads\/2023\/02\/banniere-prefall-hp-mobile-2-150x150.png 150w, https:\/\/www.rochas.com\/wp-content\/uploads\/2023\/02\/banniere-prefall-hp-mobile-2-169x300.png 169w, https:\/\/www.rochas.com\/wp-content\/uploads\/2023\/02\/banniere-prefall-hp-mobile-2-768x1365.png 768w, https:\/\/www.rochas.com\/wp-content\/uploads\/2023\/02\/banniere-prefall-hp-mobile-2-576x1024.png 576w, https:\/\/www.rochas.com\/wp-content\/uploads\/2023\/02\/banniere-prefall-hp-mobile-2-864x1536.png 864w, https:\/\/www.rochas.com\/wp-content\/uploads\/2023\/02\/banniere-prefall-hp-mobile-2-1152x2048.png 1152w, https:\/\/www.rochas.com\/wp-content\/uploads\/2023\/02\/banniere-prefall-hp-mobile-2.png 576w\" src=\"https:\/\/www.rochas.com\/wp-content\/uploads\/2023\/02\/banniere-prefall-hp-mobile-2.png\" loading=\"lazy\" class=\"background-media\" alt=\"\"\/>\n        <\/picture>\n        \n            <h1 class=\"title-xl disko-animate-onload\">PRE-FALL 2023<\/h1>\n        \n        \n            <a href=\"https:\/\/www.rochas.com\/fr\/prefall-23\" class=\"underlined-cta disko-animate-onload\"><span>D\u00e9couvrir la collection<\/span><\/a>\n        \n        \n<\/section>\n\n\n\n\n<p><\/p>\n","protected":false},"excerpt":{"rendered":"<p>Rochas est une marque qui occupe une place particuli\u00e8re dans mon c\u0153ur, en raison de mes racines familiales et de l\u2019h\u00e9ritage de cette marque si riche et inspirant. J\u2019ai h\u00e2te d\u2019apporter ma touche personnelle et de r\u00e9interpr\u00e9ter les codes de cette belle Maison. Charles de Vilmorin<\/p>\n","protected":false},"author":1,"featured_media":0,"parent":0,"menu_order":0,"comment_status":"closed","ping_status":"closed","template":"","meta":{"_acf_changed":false,"footnotes":""},"search_page_tag":[200],"acf":[],"yoast_head":"<!-- This site is optimized with the Yoast SEO plugin v22.3 - https:\/\/yoast.com\/wordpress\/plugins\/seo\/ -->\n<title>La Philosophie - Rochas Site Officiel<\/title>\n<meta name=\"description\" content=\"L\u2019\u00e9l\u00e9gance est une f\u00eate. D\u00e9couvrez la philosophie de la maison Rochas sur Rochas.com. Jeunesse, Joie et Nature, d\u00e9couvrez les piliers de la marque de Luxe.\" \/>\n<meta name=\"robots\" content=\"index, follow, max-snippet:-1, max-image-preview:large, max-video-preview:-1\" \/>\n<link rel=\"canonical\" href=\"https:\/\/www.rochas.com\/fr\/philosophie\" \/>\n<meta property=\"og:locale\" content=\"fr_FR\" \/>\n<meta property=\"og:type\" content=\"article\" \/>\n<meta property=\"og:title\" content=\"La Philosophie - Rochas Site Officiel\" \/>\n<meta property=\"og:description\" content=\"L\u2019\u00e9l\u00e9gance est une f\u00eate. D\u00e9couvrez la philosophie de la maison Rochas sur Rochas.com. Jeunesse, Joie et Nature, d\u00e9couvrez les piliers de la marque de Luxe.\" \/>\n<meta property=\"og:url\" content=\"https:\/\/www.rochas.com\/fr\/philosophie\" \/>\n<meta property=\"og:site_name\" content=\"Rochas Site Officiel\" \/>\n<meta property=\"article:modified_time\" content=\"2023-02-17T10:42:24+00:00\" \/>\n<meta name=\"twitter:card\" content=\"summary_large_image\" \/>\n<meta name=\"twitter:label1\" content=\"Dur\u00e9e de lecture estim\u00e9e\" \/>\n\t<meta name=\"twitter:data1\" content=\"1 minute\" \/>\n<script type=\"application\/ld+json\" class=\"yoast-schema-graph\">{\"@context\":\"https:\/\/schema.org\",\"@graph\":[{\"@type\":\"WebPage\",\"@id\":\"https:\/\/www.rochas.com\/fr\/philosophie\",\"url\":\"https:\/\/www.rochas.com\/fr\/philosophie\",\"name\":\"La Philosophie - Rochas Site Officiel\",\"isPartOf\":{\"@id\":\"https:\/\/www.rochas.com\/fr#website\"},\"datePublished\":\"2021-04-06T16:57:10+00:00\",\"dateModified\":\"2023-02-17T10:42:24+00:00\",\"description\":\"L\u2019\u00e9l\u00e9gance est une f\u00eate. D\u00e9couvrez la philosophie de la maison Rochas sur Rochas.com. Jeunesse, Joie et Nature, d\u00e9couvrez les piliers de la marque de Luxe.\",\"breadcrumb\":{\"@id\":\"https:\/\/www.rochas.com\/fr\/philosophie#breadcrumb\"},\"inLanguage\":\"fr-FR\",\"potentialAction\":[{\"@type\":\"ReadAction\",\"target\":[\"https:\/\/www.rochas.com\/fr\/philosophie\"]}]},{\"@type\":\"BreadcrumbList\",\"@id\":\"https:\/\/www.rochas.com\/fr\/philosophie#breadcrumb\",\"itemListElement\":[{\"@type\":\"ListItem\",\"position\":1,\"name\":\"Home\",\"item\":\"https:\/\/www.rochas.com\/fr\"},{\"@type\":\"ListItem\",\"position\":2,\"name\":\"La Philosophie\"}]},{\"@type\":\"WebSite\",\"@id\":\"https:\/\/www.rochas.com\/fr#website\",\"url\":\"https:\/\/www.rochas.com\/fr\",\"name\":\"Rochas Site Officiel\",\"description\":\"Mode et parfum \u00e0 Paris depuis 1925\",\"potentialAction\":[{\"@type\":\"SearchAction\",\"target\":{\"@type\":\"EntryPoint\",\"urlTemplate\":\"https:\/\/www.rochas.com\/fr?s={search_term_string}\"},\"query-input\":\"required name=search_term_string\"}],\"inLanguage\":\"fr-FR\"}]}<\/script>\n<!-- \/ Yoast SEO plugin. -->","yoast_head_json":{"title":"La Philosophie - Rochas Site Officiel","description":"L\u2019\u00e9l\u00e9gance est une f\u00eate. D\u00e9couvrez la philosophie de la maison Rochas sur Rochas.com. Jeunesse, Joie et Nature, d\u00e9couvrez les piliers de la marque de Luxe.","robots":{"index":"index","follow":"follow","max-snippet":"max-snippet:-1","max-image-preview":"max-image-preview:large","max-video-preview":"max-video-preview:-1"},"canonical":"https:\/\/www.rochas.com\/fr\/philosophie","og_locale":"fr_FR","og_type":"article","og_title":"La Philosophie - Rochas Site Officiel","og_description":"L\u2019\u00e9l\u00e9gance est une f\u00eate. D\u00e9couvrez la philosophie de la maison Rochas sur Rochas.com. Jeunesse, Joie et Nature, d\u00e9couvrez les piliers de la marque de Luxe.","og_url":"https:\/\/www.rochas.com\/fr\/philosophie","og_site_name":"Rochas Site Officiel","article_modified_time":"2023-02-17T10:42:24+00:00","twitter_card":"summary_large_image","twitter_misc":{"Dur\u00e9e de lecture estim\u00e9e":"1 minute"},"schema":{"@context":"https:\/\/schema.org","@graph":[{"@type":"WebPage","@id":"https:\/\/www.rochas.com\/fr\/philosophie","url":"https:\/\/www.rochas.com\/fr\/philosophie","name":"La Philosophie - Rochas Site Officiel","isPartOf":{"@id":"https:\/\/www.rochas.com\/fr#website"},"datePublished":"2021-04-06T16:57:10+00:00","dateModified":"2023-02-17T10:42:24+00:00","description":"L\u2019\u00e9l\u00e9gance est une f\u00eate. D\u00e9couvrez la philosophie de la maison Rochas sur Rochas.com. Jeunesse, Joie et Nature, d\u00e9couvrez les piliers de la marque de Luxe.","breadcrumb":{"@id":"https:\/\/www.rochas.com\/fr\/philosophie#breadcrumb"},"inLanguage":"fr-FR","potentialAction":[{"@type":"ReadAction","target":["https:\/\/www.rochas.com\/fr\/philosophie"]}]},{"@type":"BreadcrumbList","@id":"https:\/\/www.rochas.com\/fr\/philosophie#breadcrumb","itemListElement":[{"@type":"ListItem","position":1,"name":"Home","item":"https:\/\/www.rochas.com\/fr"},{"@type":"ListItem","position":2,"name":"La Philosophie"}]},{"@type":"WebSite","@id":"https:\/\/www.rochas.com\/fr#website","url":"https:\/\/www.rochas.com\/fr","name":"Rochas Site Officiel","description":"Mode et parfum \u00e0 Paris depuis 1925","potentialAction":[{"@type":"SearchAction","target":{"@type":"EntryPoint","urlTemplate":"https:\/\/www.rochas.com\/fr?s={search_term_string}"},"query-input":"required name=search_term_string"}],"inLanguage":"fr-FR"}]}},"_links":{"self":[{"href":"https:\/\/www.rochas.com\/fr\/wp-json\/wp\/v2\/pages\/594"}],"collection":[{"href":"https:\/\/www.rochas.com\/fr\/wp-json\/wp\/v2\/pages"}],"about":[{"href":"https:\/\/www.rochas.com\/fr\/wp-json\/wp\/v2\/types\/page"}],"author":[{"embeddable":true,"href":"https:\/\/www.rochas.com\/fr\/wp-json\/wp\/v2\/users\/1"}],"replies":[{"embeddable":true,"href":"https:\/\/www.rochas.com\/fr\/wp-json\/wp\/v2\/comments?post=594"}],"version-history":[{"count":225,"href":"https:\/\/www.rochas.com\/fr\/wp-json\/wp\/v2\/pages\/594\/revisions"}],"predecessor-version":[{"id":17904,"href":"https:\/\/www.rochas.com\/fr\/wp-json\/wp\/v2\/pages\/594\/revisions\/17904"}],"wp:attachment":[{"href":"https:\/\/www.rochas.com\/fr\/wp-json\/wp\/v2\/media?parent=594"}],"wp:term":[{"taxonomy":"search_page_tag","embeddable":true,"href":"https:\/\/www.rochas.com\/fr\/wp-json\/wp\/v2\/search_page_tag?post=594"}],"curies":[{"name":"wp","href":"https:\/\/api.w.org\/{rel}","templated":true}]}}