{"id":897,"date":"2021-04-06T16:57:10","date_gmt":"2021-04-06T16:57:10","guid":{"rendered":"https:\/\/www.rochas.com\/filosofia\/"},"modified":"2023-02-17T10:40:46","modified_gmt":"2023-02-17T10:40:46","slug":"filosofia-rochas","status":"publish","type":"page","link":"https:\/\/www.rochas.com\/es\/filosofia-rochas","title":{"rendered":"LA FILOSOF\u00cdA ROCHAS"},"content":{"rendered":"\n\n<section id=\"disko-component-banniere-promotionnelle-block_60e2deddc9793\" class=\"disko-component disko-component-banniere-promotionnelle has-title\" data-header-color=\"white\"\ndata-associated-perfume-category=\"\">\n    \n    <!-- specific styling -->\n    <style type=\"text\/css\">\n        #disko-component-banniere-promotionnelle-block_60e2deddc9793 {\n            color: white;\n            --triangle-color: white;\n        }\n        #disko-component-banniere-promotionnelle-block_60e2deddc9793 .description {\n            order: 0;\n        }\n        #disko-component-banniere-promotionnelle-block_60e2deddc9793 .underlined-cta {\n            --underline-color: white;\n        }\n    <\/style>\n\n            <picture>\n    \t\t<!-- Extra small devices (portrait phones, less than 768px) -->\n    \t\t<source media=\"(max-width: 767px)\" srcset=\"https:\/\/www.rochas.com\/wp-content\/uploads\/2021\/06\/DSC_9680-scaled.jpg 150w, https:\/\/www.rochas.com\/wp-content\/uploads\/2021\/06\/DSC_9680-scaled.jpg 300w, https:\/\/www.rochas.com\/wp-content\/uploads\/2021\/06\/DSC_9680-scaled.jpg 768w, https:\/\/www.rochas.com\/wp-content\/uploads\/2021\/06\/DSC_9680-scaled.jpg 1024w, https:\/\/www.rochas.com\/wp-content\/uploads\/2021\/06\/DSC_9680-scaled.jpg 1536w, https:\/\/www.rochas.com\/wp-content\/uploads\/2021\/06\/DSC_9680-scaled.jpg 2048w, https:\/\/www.rochas.com\/wp-content\/uploads\/2021\/06\/DSC_9680-scaled.jpg 683w\" loading=\"lazy\" type=\"image\/jpeg\" \/>\n    \t\t<!-- Medium devices (tablets, 768px and up) -->\n    \t\t<source media=\"(min-width: 768px)\" srcset=\"https:\/\/www.rochas.com\/wp-content\/uploads\/2021\/06\/DSC_9680-scaled.jpg 150w, https:\/\/www.rochas.com\/wp-content\/uploads\/2021\/06\/DSC_9680-scaled.jpg 300w, https:\/\/www.rochas.com\/wp-content\/uploads\/2021\/06\/DSC_9680-scaled.jpg 768w, https:\/\/www.rochas.com\/wp-content\/uploads\/2021\/06\/DSC_9680-scaled.jpg 1024w, https:\/\/www.rochas.com\/wp-content\/uploads\/2021\/06\/DSC_9680-scaled.jpg 1536w, https:\/\/www.rochas.com\/wp-content\/uploads\/2021\/06\/DSC_9680-scaled.jpg 2048w, https:\/\/www.rochas.com\/wp-content\/uploads\/2021\/06\/DSC_9680-scaled.jpg 683w\" loading=\"lazy\" type=\"image\/jpeg\" \/>\n    \t\t<!-- fallback -->\n    \t\t<img decoding=\"async\" srcset=\"https:\/\/www.rochas.com\/wp-content\/uploads\/2021\/06\/DSC_9680-scaled.jpg 150w, https:\/\/www.rochas.com\/wp-content\/uploads\/2021\/06\/DSC_9680-scaled.jpg 300w, https:\/\/www.rochas.com\/wp-content\/uploads\/2021\/06\/DSC_9680-scaled.jpg 768w, https:\/\/www.rochas.com\/wp-content\/uploads\/2021\/06\/DSC_9680-scaled.jpg 1024w, https:\/\/www.rochas.com\/wp-content\/uploads\/2021\/06\/DSC_9680-scaled.jpg 1536w, https:\/\/www.rochas.com\/wp-content\/uploads\/2021\/06\/DSC_9680-scaled.jpg 2048w, https:\/\/www.rochas.com\/wp-content\/uploads\/2021\/06\/DSC_9680-scaled.jpg 683w\" src=\"https:\/\/www.rochas.com\/wp-content\/uploads\/2021\/06\/DSC_9680-scaled.jpg\" loading=\"lazy\" class=\"background-media\" alt=\"\"\/>\n        <\/picture>\n        \n            <h1 class=\"title-xl disko-animate-onload\">LA FILOSOF\u00cdA <br \/>\r\n<br \/>\r\nROCHAS<\/h1>\n        \n        \n        \n        \n<\/section>\n\n\n\n\n\n\n<section id=\"disko-component-quinconce-block_60e2db931a93a\" class=\"disko-component disko-component-quinconce text-first \">\n    \n    <!-- specific styling -->\n    <style type=\"text\/css\">\n        #disko-component-quinconce-block_60e2db931a93a .grid-item__title.quotation-mark > :first-child::before\n        {\n          color: #FCC200;\n        }\n    <\/style>\n\n        <div class=\"sticky-container\">\n        <h1 class=\"quinconce-title\">LOS VALORES <br \/>\r\n<br \/>\r\nROCHAS<br \/>\r\n<\/h1>\n    <\/div>\n        <div class=\"quinconce-grid\">                <div class=\"grid-item\">\n            <div class=\"wysiwyg\">\n                \n                                <h2 class=\"grid-item__title \">\n                  <p>AUDACIA <\/p>\n<p>Y ELEGANCIA<\/p>\n                <\/h2>\n                                \n                <p>Para Rochas, la elegancia es cuesti\u00f3n de estilo, jam\u00e1s de tendencia. Una elegancia moderna, sin preocupaciones, con un twist audaz. Tanto en pr\u00eat-\u00e0-porter como en perfumer\u00eda, las creaciones resuenan como manifiestos de libertad. <\/p>\n                \n                            <\/div>\n            <div class=\"img-container\">\n                <div class=\"caption-wrapper\">\n                                            <img decoding=\"async\" srcset=\"https:\/\/www.rochas.com\/wp-content\/uploads\/2023\/02\/2022_EAU-DE-ROCHAS_MOF_MODEL-5-150x150.jpg 150w, https:\/\/www.rochas.com\/wp-content\/uploads\/2023\/02\/2022_EAU-DE-ROCHAS_MOF_MODEL-5-200x300.jpg 200w, https:\/\/www.rochas.com\/wp-content\/uploads\/2023\/02\/2022_EAU-DE-ROCHAS_MOF_MODEL-5-768x1152.jpg 768w, https:\/\/www.rochas.com\/wp-content\/uploads\/2023\/02\/2022_EAU-DE-ROCHAS_MOF_MODEL-5-683x1024.jpg 683w, https:\/\/www.rochas.com\/wp-content\/uploads\/2023\/02\/2022_EAU-DE-ROCHAS_MOF_MODEL-5-1024x1536.jpg 1024w, https:\/\/www.rochas.com\/wp-content\/uploads\/2023\/02\/2022_EAU-DE-ROCHAS_MOF_MODEL-5-1366x2048.jpg 1366w, https:\/\/www.rochas.com\/wp-content\/uploads\/2023\/02\/2022_EAU-DE-ROCHAS_MOF_MODEL-5-scaled.jpg 683w\" src=\"https:\/\/www.rochas.com\/wp-content\/uploads\/2023\/02\/2022_EAU-DE-ROCHAS_MOF_MODEL-5-scaled.jpg\" loading=\"lazy\" sizes=\"(max-width: 767px) 84vw, 38vw\" alt=\"\">\n                                        <div class=\"caption\">\n                        <p>Eau de Rochas<\/p>\n                        <p>1<\/p>\n                    <\/div>\n                <\/div>\n            <\/div>\n        <\/div>\n                    <div class=\"grid-item\">\n            <div class=\"wysiwyg\">\n                \n                                <h2 class=\"grid-item__title \">\n                  <p>LA JUVENTUD <\/p>\n<p>EN EL CORAZ\u00d3N<\/p>\n                <\/h2>\n                                \n                <p>A la cabeza de su propia casa de alta costura con tan solo 23 a\u00f1os, Marcel Rochas construye el vestuario de la joven parisina: la chaqueta canadiense, el negro y blanco, el pijama de playa, la mezcla de materiales y estampados, las siluetas frescas y deportivas&#8230; Ser\u00e1 igualmente el primer dise\u00f1ador en crear joyas y accesorios de moda a su nombre. Una audacia est\u00e9tica que le vale los elogios de la revista Vogue Paris y el t\u00edtulo de \u00abdise\u00f1ador de la juventud\u00bb. En 2021, Charles de Vilmorin, 24 a\u00f1os, es nombrado a la cabeza de la creaci\u00f3n de Rochas. El joven creador inyecta su estilo y su originalidad a las nuevas colecciones de pr\u00eat-\u00e0-porter, equilibrando legado y modernidad. Un relevo prometedor. <\/p>\n                \n                            <\/div>\n            <div class=\"img-container\">\n                <div class=\"caption-wrapper\">\n                                            <img decoding=\"async\" srcset=\"https:\/\/www.rochas.com\/wp-content\/uploads\/2021\/07\/DSC_9299-1-scaled.jpg 107w, https:\/\/www.rochas.com\/wp-content\/uploads\/2021\/07\/DSC_9299-1-scaled.jpg 214w, https:\/\/www.rochas.com\/wp-content\/uploads\/2021\/07\/DSC_9299-1-scaled.jpg 768w, https:\/\/www.rochas.com\/wp-content\/uploads\/2021\/07\/DSC_9299-1-scaled.jpg 730w, https:\/\/www.rochas.com\/wp-content\/uploads\/2021\/07\/DSC_9299-1-scaled.jpg 1095w, https:\/\/www.rochas.com\/wp-content\/uploads\/2021\/07\/DSC_9299-1-scaled.jpg 1460w, https:\/\/www.rochas.com\/wp-content\/uploads\/2021\/07\/DSC_9299-1-scaled.jpg 683w\" src=\"https:\/\/www.rochas.com\/wp-content\/uploads\/2021\/07\/DSC_9299-1-scaled.jpg\" loading=\"lazy\" sizes=\"(max-width: 767px) 84vw, 38vw\" alt=\"\">\n                                        <div class=\"caption\">\n                        <p>Charles de Vilmorin<\/p>\n                        <p>2<\/p>\n                    <\/div>\n                <\/div>\n            <\/div>\n        <\/div>\n                    <div class=\"grid-item\">\n            <div class=\"wysiwyg\">\n                \n                                <h2 class=\"grid-item__title \">\n                  <p>EL ESP\u00cdRITU <\/p>\n<p>FESTIVO<\/p>\n                <\/h2>\n                                \n                <p>Las creaciones de pr\u00eat-\u00e0-porter y perfumes Rochas son estimuladas por la felicidad y las emociones vivas. Cada d\u00eda es una fiesta. El placer asumido de engalanarse tanto de d\u00eda como de noche, de burlarse de los c\u00f3digos de la moda para apropi\u00e1rselos mejor, y de llevar un perfume impregnado de dicho estado de \u00e1nimo alegre y optimista. <\/p>\n                \n                            <\/div>\n            <div class=\"img-container\">\n                <div class=\"caption-wrapper\">\n                                            <img decoding=\"async\" srcset=\"https:\/\/www.rochas.com\/wp-content\/uploads\/2023\/02\/ROCHAS_GIRL_2021_DIGITAL_ASSETS_MODEL_MOF16-150x150.jpg 150w, https:\/\/www.rochas.com\/wp-content\/uploads\/2023\/02\/ROCHAS_GIRL_2021_DIGITAL_ASSETS_MODEL_MOF16-200x300.jpg 200w, https:\/\/www.rochas.com\/wp-content\/uploads\/2023\/02\/ROCHAS_GIRL_2021_DIGITAL_ASSETS_MODEL_MOF16-768x1152.jpg 768w, https:\/\/www.rochas.com\/wp-content\/uploads\/2023\/02\/ROCHAS_GIRL_2021_DIGITAL_ASSETS_MODEL_MOF16-683x1024.jpg 683w, https:\/\/www.rochas.com\/wp-content\/uploads\/2023\/02\/ROCHAS_GIRL_2021_DIGITAL_ASSETS_MODEL_MOF16-1024x1536.jpg 1024w, https:\/\/www.rochas.com\/wp-content\/uploads\/2023\/02\/ROCHAS_GIRL_2021_DIGITAL_ASSETS_MODEL_MOF16-1365x2048.jpg 1365w, https:\/\/www.rochas.com\/wp-content\/uploads\/2023\/02\/ROCHAS_GIRL_2021_DIGITAL_ASSETS_MODEL_MOF16-scaled.jpg 683w\" src=\"https:\/\/www.rochas.com\/wp-content\/uploads\/2023\/02\/ROCHAS_GIRL_2021_DIGITAL_ASSETS_MODEL_MOF16-scaled.jpg\" loading=\"lazy\" sizes=\"(max-width: 767px) 84vw, 38vw\" alt=\"\">\n                                        <div class=\"caption\">\n                        <p>Girl<\/p>\n                        <p>3<\/p>\n                    <\/div>\n                <\/div>\n            <\/div>\n        <\/div>\n    <\/div>\n<\/section>\n\n\n\n\n\n<section id=\"disko-component-slider-square-block_6082e60ebc392\" class=\"disko-component disko-component-slider-square\" data-header-color=\"white\">\n   \n    <h1 class=\"animated-title\" data-title=\"Los imprescindibles Rochas&nbsp;\u2014&nbsp;\">Los imprescindibles Rochas&nbsp;\u2014&nbsp;<\/h1>\n        <div class=\"swiper-container\">\n        <div class=\"swiper-wrapper\">\n                        <div class=\"swiper-slide\">\n\n                <div class=\"text-container\" data-swiper-parallax=\"-100%\" data-swiper-parallax-opacity=\"-10\">\n                    \n                    <h2 class=\"title\"><p>Las cintas<\/p>\n<\/h2>\n                    \n                    <p>Los lazos y las cintas forman parte de los favoritos de la casa Rochas. Reinterpretados en cada colecci\u00f3n, estos accesorios son deslizados al interior de las prendas de ropa, declinados en todos los estuches de perfumes, y visten el perfume Mademoiselle. <\/p>\n                <\/div>\n                \n                                    <img decoding=\"async\" srcset=\"https:\/\/www.rochas.com\/wp-content\/uploads\/2021\/04\/MG_0029-copie-150x150.jpg 150w, https:\/\/www.rochas.com\/wp-content\/uploads\/2021\/04\/MG_0029-copie-300x200.jpg 300w, https:\/\/www.rochas.com\/wp-content\/uploads\/2021\/04\/MG_0029-copie-768x512.jpg 768w, https:\/\/www.rochas.com\/wp-content\/uploads\/2021\/04\/MG_0029-copie-1024x683.jpg 1024w, https:\/\/www.rochas.com\/wp-content\/uploads\/2021\/04\/MG_0029-copie-1536x1024.jpg 1536w, https:\/\/www.rochas.com\/wp-content\/uploads\/2021\/04\/MG_0029-copie-2048x1365.jpg 2048w, https:\/\/www.rochas.com\/wp-content\/uploads\/2021\/04\/MG_0029-copie-scaled.jpg 683w\" src=\"https:\/\/www.rochas.com\/wp-content\/uploads\/2021\/04\/MG_0029-copie-scaled.jpg\" loading=\"lazy\" sizes=\"(max-width: 767px) 50vw, 33vw\" class=\"picture\">\n                                \n            <\/div>\n                        <div class=\"swiper-slide\">\n\n                <div class=\"text-container\" data-swiper-parallax=\"-100%\" data-swiper-parallax-opacity=\"-10\">\n                    \n                    <h2 class=\"title\"><p>La rosa de mayo<\/p>\n<\/h2>\n                    \n                    <p>La rosa es uno de los s\u00edmbolos de la casa Rochas. Desde los a\u00f1os 1920, esta flor es reinventada en mil y una formas en las creaciones de alta costura de Marcel Rochas.\r\nEmblem\u00e1tica de la regi\u00f3n de Grasse en el sudeste de Francia, la rosa de mayo se caracteriza por sus aromas dulces y ligeramente especiados. Recogida a la mano apenas abierta durante el mes de mayo, es conjuntamente con los productores de la regi\u00f3n que Rochas da forma hoy en d\u00eda a una rosa Centifolia \u00aba la medida\u00bb para su perfume Mademoiselle. <\/p>\n                <\/div>\n                \n                                    <img decoding=\"async\" srcset=\"https:\/\/www.rochas.com\/wp-content\/uploads\/2021\/04\/Rectangle-2-Copy-2-150x150.png 150w, https:\/\/www.rochas.com\/wp-content\/uploads\/2021\/04\/Rectangle-2-Copy-2-300x300.png 300w, https:\/\/www.rochas.com\/wp-content\/uploads\/2021\/04\/Rectangle-2-Copy-2-768x768.png 768w, https:\/\/www.rochas.com\/wp-content\/uploads\/2021\/04\/Rectangle-2-Copy-2.png 900w, https:\/\/www.rochas.com\/wp-content\/uploads\/2021\/04\/Rectangle-2-Copy-2.png 683w\" src=\"https:\/\/www.rochas.com\/wp-content\/uploads\/2021\/04\/Rectangle-2-Copy-2.png\" loading=\"lazy\" sizes=\"(max-width: 767px) 50vw, 33vw\" class=\"picture\">\n                                \n            <\/div>\n                        <div class=\"swiper-slide\">\n\n                <div class=\"text-container\" data-swiper-parallax=\"-100%\" data-swiper-parallax-opacity=\"-10\">\n                    \n                    <h2 class=\"title\"><p>El encaje<\/p>\n<\/h2>\n                    \n                    <p>El encaje chantill\u00ed entra en el gen\u00e9rico de las colecciones de alta costura en 1943. \r\nEl famoso cors\u00e9 de sat\u00e9n rosado claro y tul es recubierto de encaje chantill\u00ed negro. Creado por primera vez por Marcel Rochas, el cors\u00e9 es portado m\u00e1s adelante por Mae West, la c\u00e9lebre actriz de la edad de oro hollywoodense. Una demostraci\u00f3n de audacia y sensualidad que dar\u00e1 al dise\u00f1ador la idea de vestir con un motivo de encaje los estuches de los primeros perfumes, tales como Femme. <\/p>\n                <\/div>\n                \n                                    <img decoding=\"async\" srcset=\"https:\/\/www.rochas.com\/wp-content\/uploads\/2021\/04\/Rectangle-2-Copy-2-1-150x150.png 150w, https:\/\/www.rochas.com\/wp-content\/uploads\/2021\/04\/Rectangle-2-Copy-2-1-300x300.png 300w, https:\/\/www.rochas.com\/wp-content\/uploads\/2021\/04\/Rectangle-2-Copy-2-1-768x768.png 768w, https:\/\/www.rochas.com\/wp-content\/uploads\/2021\/04\/Rectangle-2-Copy-2-1.png 900w, https:\/\/www.rochas.com\/wp-content\/uploads\/2021\/04\/Rectangle-2-Copy-2-1.png 683w\" src=\"https:\/\/www.rochas.com\/wp-content\/uploads\/2021\/04\/Rectangle-2-Copy-2-1.png\" loading=\"lazy\" sizes=\"(max-width: 767px) 50vw, 33vw\" class=\"picture\">\n                                \n            <\/div>\n                    <\/div>\n        \n        <div class=\"swiper-button-prev\">\n            <svg class=\"slider-fullscreen-arrow-svg\" xmlns=\"http:\/\/www.w3.org\/2000\/svg\" width=\"5\" height=\"25\" fill=\"var(--color, #000000)\" viewBox=\"0 0 5 25\" xmlns:v=\"https:\/\/vecta.io\/nano\"><path d=\"M1.97 1.058L.673 2.897c-.105.15-.308.182-.452.073s-.176-.32-.071-.47L1.66.359C1.821.131 2.055 0 2.301 0h0 .001c.246.001.48.132.642.363l1.494 2.139c.105.15.073.361-.072.468s-.348.075-.451-.075L2.617 1.037V25H1.97V1.058z\" fill-rule=\"evenodd\"\/><\/svg>        <\/div>\n        <div class=\"swiper-pagination sans-serif\"><\/div>\n        <div class=\"swiper-button-next\">\n            <svg class=\"slider-fullscreen-arrow-svg\" xmlns=\"http:\/\/www.w3.org\/2000\/svg\" width=\"5\" height=\"25\" fill=\"var(--color, #000000)\" viewBox=\"0 0 5 25\" xmlns:v=\"https:\/\/vecta.io\/nano\"><path d=\"M1.97 1.058L.673 2.897c-.105.15-.308.182-.452.073s-.176-.32-.071-.47L1.66.359C1.821.131 2.055 0 2.301 0h0 .001c.246.001.48.132.642.363l1.494 2.139c.105.15.073.361-.072.468s-.348.075-.451-.075L2.617 1.037V25H1.97V1.058z\" fill-rule=\"evenodd\"\/><\/svg>        <\/div>\n        \n        <div class=\"navigation-pagination-container\">\n            \n        <\/div>\n    <\/div>\n        \n<\/section>\n\n<!-- specific styling -->\n<style type=\"text\/css\">\n    #disko-component-slider-square-block_6082e60ebc392 {\n        background-color: #001F71;\n        color: white;\n        --color: white;\n        --slide-direction: row-reverse;\n    }\n    #disko-component-slider-square-block_6082e60ebc392 .animated-title {\n        --stroke-color: #dcddf4;\n        animation-duration: 26s;\n    }\n<\/style>\n\n\n\n\n<section id=\"disko-component-quinconce-block_611b88d54d3f5\" class=\"disko-component disko-component-quinconce image-first \">\n    \n    <!-- specific styling -->\n    <style type=\"text\/css\">\n        #disko-component-quinconce-block_611b88d54d3f5 .grid-item__title.quotation-mark > :first-child::before\n        {\n          color: #FCC200;\n        }\n    <\/style>\n\n        <div class=\"sticky-container\">\n        <h1 class=\"quinconce-title\">DIRECCI\u00d3N ART\u00cdSTICA<\/h1>\n    <\/div>\n        <div class=\"quinconce-grid\">                <div class=\"grid-item\">\n            <div class=\"wysiwyg\">\n                \n                                <h2 class=\"grid-item__title \">\n                  <p>Charles de Vilmorin<\/p>\n                <\/h2>\n                                \n                <p>En 2021 Charles de Vilmorin, joven graduado de la C\u00e1mara sindical de la costura parisina, entr\u00f3 en el c\u00edrculo restringido de la moda francesa al convertirse, con tan solo 24 a\u00f1os, en el director art\u00edstico de Rochas. Creador superdotado, su visi\u00f3n instintiva y espont\u00e1nea del dise\u00f1o, y su pasi\u00f3n por el color, ya hab\u00edan causado sensaci\u00f3n algunos meses antes, cuando present\u00f3 una primera colecci\u00f3n c\u00e1psula a su nombre, inspirada en los universos de Niki de Saint Phalle, Chagall, Klimt u Odilon Redon. Su habilidad impresiona. Charles de Vilmorin es entonces seleccionado r\u00e1pidamente como miembro invitado en la semana de la alta costura de Par\u00eds. El medio de la moda se entusiasma con su juventud, sus colores, sus formas geom\u00e9tricas XXL, su frescura. En septiembre de 2021, durante la Fashion Week Primavera-Verano 2022 de Par\u00eds, presenta su primer desfile en calidad de Director Art\u00edstico de la casa Rochas. <\/p>\n                \n                            <\/div>\n            <div class=\"img-container\">\n                <div class=\"caption-wrapper\">\n                                            <img decoding=\"async\" srcset=\"https:\/\/www.rochas.com\/wp-content\/uploads\/2021\/02\/CHARLES_ROCHAS_1-scaled.jpg 100w, https:\/\/www.rochas.com\/wp-content\/uploads\/2021\/02\/CHARLES_ROCHAS_1-scaled.jpg 200w, https:\/\/www.rochas.com\/wp-content\/uploads\/2021\/02\/CHARLES_ROCHAS_1-scaled.jpg 768w, https:\/\/www.rochas.com\/wp-content\/uploads\/2021\/02\/CHARLES_ROCHAS_1-scaled.jpg 683w, https:\/\/www.rochas.com\/wp-content\/uploads\/2021\/02\/CHARLES_ROCHAS_1-scaled.jpg 1024w, https:\/\/www.rochas.com\/wp-content\/uploads\/2021\/02\/CHARLES_ROCHAS_1-scaled.jpg 1365w, https:\/\/www.rochas.com\/wp-content\/uploads\/2021\/02\/CHARLES_ROCHAS_1-scaled.jpg 683w\" src=\"https:\/\/www.rochas.com\/wp-content\/uploads\/2021\/02\/CHARLES_ROCHAS_1-scaled.jpg\" loading=\"lazy\" sizes=\"(max-width: 767px) 84vw, 38vw\" alt=\"\">\n                                        <div class=\"caption\">\n                        <p>Charles de Vilmorin<\/p>\n                        <p>4<\/p>\n                    <\/div>\n                <\/div>\n            <\/div>\n        <\/div>\n    <\/div>\n<\/section>\n\n\n\n\n\n<div class=\"wp-block-columns is-layout-flex wp-container-core-columns-layout-1 wp-block-columns-is-layout-flex\">\n<div class=\"wp-block-column is-layout-flow wp-block-column-is-layout-flow\" style=\"flex-basis:10%\"><\/div>\n\n\n\n<div class=\"wp-block-column is-layout-flow wp-block-column-is-layout-flow\" style=\"flex-basis:80%\">\n<blockquote class=\"wp-block-quote\"><p><em>Me siento extremadamente honrado de unirme a la Maison Rochas como director art\u00edstico. Rochas es una marca que ocupa un lugar especial en mi coraz\u00f3n, tanto por mis lazos familiares como por el legado de la marca, tan rico e inspirador. Estoy deseando aportar mi toque personal y reinterpretar los c\u00f3digos de esta preciosa Maison<\/em>.<\/p><cite>Charles de Vilmorin<\/cite><\/blockquote>\n<\/div>\n\n\n\n<div class=\"wp-block-column is-layout-flow wp-block-column-is-layout-flow\" style=\"flex-basis:10%\"><\/div>\n<\/div>\n\n\n\n\n<section id=\"disko-component-banniere-promotionnelle-block_60e2e13c410e9\" class=\"disko-component disko-component-banniere-promotionnelle has-title\" data-header-color=\"white\"\ndata-associated-perfume-category=\"\">\n    \n    <!-- specific styling -->\n    <style type=\"text\/css\">\n        #disko-component-banniere-promotionnelle-block_60e2e13c410e9 {\n            color: white;\n            --triangle-color: white;\n        }\n        #disko-component-banniere-promotionnelle-block_60e2e13c410e9 .description {\n            order: 0;\n        }\n        #disko-component-banniere-promotionnelle-block_60e2e13c410e9 .underlined-cta {\n            --underline-color: white;\n        }\n    <\/style>\n\n            <picture>\n    \t\t<!-- Extra small devices (portrait phones, less than 768px) -->\n    \t\t<source media=\"(max-width: 767px)\" srcset=\"https:\/\/www.rochas.com\/wp-content\/uploads\/2023\/02\/banniere-prefall-hp-mobile-2-150x150.png 150w, https:\/\/www.rochas.com\/wp-content\/uploads\/2023\/02\/banniere-prefall-hp-mobile-2-169x300.png 169w, https:\/\/www.rochas.com\/wp-content\/uploads\/2023\/02\/banniere-prefall-hp-mobile-2-768x1365.png 768w, https:\/\/www.rochas.com\/wp-content\/uploads\/2023\/02\/banniere-prefall-hp-mobile-2-576x1024.png 576w, https:\/\/www.rochas.com\/wp-content\/uploads\/2023\/02\/banniere-prefall-hp-mobile-2-864x1536.png 864w, https:\/\/www.rochas.com\/wp-content\/uploads\/2023\/02\/banniere-prefall-hp-mobile-2-1152x2048.png 1152w, https:\/\/www.rochas.com\/wp-content\/uploads\/2023\/02\/banniere-prefall-hp-mobile-2.png 576w\" loading=\"lazy\" type=\"image\/png\" \/>\n    \t\t<!-- Medium devices (tablets, 768px and up) -->\n    \t\t<source media=\"(min-width: 768px)\" srcset=\"https:\/\/www.rochas.com\/wp-content\/uploads\/2023\/02\/banniere-prefall-hp-4-150x150.png 150w, https:\/\/www.rochas.com\/wp-content\/uploads\/2023\/02\/banniere-prefall-hp-4-300x150.png 300w, https:\/\/www.rochas.com\/wp-content\/uploads\/2023\/02\/banniere-prefall-hp-4-768x384.png 768w, https:\/\/www.rochas.com\/wp-content\/uploads\/2023\/02\/banniere-prefall-hp-4-1024x512.png 1024w, https:\/\/www.rochas.com\/wp-content\/uploads\/2023\/02\/banniere-prefall-hp-4-1536x768.png 1536w, https:\/\/www.rochas.com\/wp-content\/uploads\/2023\/02\/banniere-prefall-hp-4-2048x1024.png 2048w, https:\/\/www.rochas.com\/wp-content\/uploads\/2023\/02\/banniere-prefall-hp-4.png 683w\" loading=\"lazy\" type=\"image\/png\" \/>\n    \t\t<!-- fallback -->\n    \t\t<img decoding=\"async\" srcset=\"https:\/\/www.rochas.com\/wp-content\/uploads\/2023\/02\/banniere-prefall-hp-mobile-2-150x150.png 150w, https:\/\/www.rochas.com\/wp-content\/uploads\/2023\/02\/banniere-prefall-hp-mobile-2-169x300.png 169w, https:\/\/www.rochas.com\/wp-content\/uploads\/2023\/02\/banniere-prefall-hp-mobile-2-768x1365.png 768w, https:\/\/www.rochas.com\/wp-content\/uploads\/2023\/02\/banniere-prefall-hp-mobile-2-576x1024.png 576w, https:\/\/www.rochas.com\/wp-content\/uploads\/2023\/02\/banniere-prefall-hp-mobile-2-864x1536.png 864w, https:\/\/www.rochas.com\/wp-content\/uploads\/2023\/02\/banniere-prefall-hp-mobile-2-1152x2048.png 1152w, https:\/\/www.rochas.com\/wp-content\/uploads\/2023\/02\/banniere-prefall-hp-mobile-2.png 576w\" src=\"https:\/\/www.rochas.com\/wp-content\/uploads\/2023\/02\/banniere-prefall-hp-mobile-2.png\" loading=\"lazy\" class=\"background-media\" alt=\"\"\/>\n        <\/picture>\n        \n            <h1 class=\"title-xl disko-animate-onload\">PRE-FALL 2023<\/h1>\n        \n        \n            <a href=\"https:\/\/www.rochas.com\/es\/prefall-23\" class=\"underlined-cta disko-animate-onload\"><span>Descubrir la colecci\u00f3n<\/span><\/a>\n        \n        \n<\/section>\n\n\n\n\n<p><\/p>\n","protected":false},"excerpt":{"rendered":"<p>Me siento extremadamente honrado de unirme a la Maison Rochas como director art\u00edstico. Rochas es una marca que ocupa un lugar especial en mi coraz\u00f3n, tanto por mis lazos familiares como por el legado de la marca, tan rico e inspirador. Estoy deseando aportar mi toque personal y reinterpretar los c\u00f3digos de esta preciosa Maison. [&hellip;]<\/p>\n","protected":false},"author":1,"featured_media":4125,"parent":0,"menu_order":0,"comment_status":"closed","ping_status":"closed","template":"","meta":{"_acf_changed":false,"footnotes":""},"search_page_tag":[208],"acf":[],"yoast_head":"<!-- This site is optimized with the Yoast SEO plugin v22.3 - https:\/\/yoast.com\/wordpress\/plugins\/seo\/ -->\n<title>LA FILOSOF\u00cdA ROCHAS - Rochas Sitio Oficial<\/title>\n<meta name=\"description\" content=\"La elegancia es una fiesta. Descubre la filosof\u00eda de Rochas en Rochas.com: Juventud, Alegr\u00eda y Amor por la Naturaleza, los pilares de la marca\" \/>\n<meta name=\"robots\" content=\"index, follow, max-snippet:-1, max-image-preview:large, max-video-preview:-1\" \/>\n<link rel=\"canonical\" href=\"https:\/\/www.rochas.com\/es\/filosofia-rochas\" \/>\n<meta property=\"og:locale\" content=\"es_ES\" \/>\n<meta property=\"og:type\" content=\"article\" \/>\n<meta property=\"og:title\" content=\"LA FILOSOF\u00cdA ROCHAS - Rochas Sitio Oficial\" \/>\n<meta property=\"og:description\" content=\"La elegancia es una fiesta. Descubre la filosof\u00eda de Rochas en Rochas.com: Juventud, Alegr\u00eda y Amor por la Naturaleza, los pilares de la marca\" \/>\n<meta property=\"og:url\" content=\"https:\/\/www.rochas.com\/es\/filosofia-rochas\" \/>\n<meta property=\"og:site_name\" content=\"Rochas Sitio Oficial\" \/>\n<meta property=\"article:modified_time\" content=\"2023-02-17T10:40:46+00:00\" \/>\n<meta property=\"og:image\" content=\"https:\/\/www.rochas.com\/wp-content\/uploads\/2021\/07\/DSC_9299-1-scaled.jpg\" \/>\n\t<meta property=\"og:image:width\" content=\"2953\" \/>\n\t<meta property=\"og:image:height\" content=\"4141\" \/>\n\t<meta property=\"og:image:type\" content=\"image\/jpeg\" \/>\n<meta name=\"twitter:card\" content=\"summary_large_image\" \/>\n<meta name=\"twitter:label1\" content=\"Tiempo de lectura\" \/>\n\t<meta name=\"twitter:data1\" content=\"1 minuto\" \/>\n<script type=\"application\/ld+json\" class=\"yoast-schema-graph\">{\"@context\":\"https:\/\/schema.org\",\"@graph\":[{\"@type\":\"WebPage\",\"@id\":\"https:\/\/www.rochas.com\/es\/filosofia-rochas\",\"url\":\"https:\/\/www.rochas.com\/es\/filosofia-rochas\",\"name\":\"LA FILOSOF\u00cdA ROCHAS - Rochas Sitio Oficial\",\"isPartOf\":{\"@id\":\"https:\/\/www.rochas.com\/es\/#website\"},\"primaryImageOfPage\":{\"@id\":\"https:\/\/www.rochas.com\/es\/filosofia-rochas#primaryimage\"},\"image\":{\"@id\":\"https:\/\/www.rochas.com\/es\/filosofia-rochas#primaryimage\"},\"thumbnailUrl\":\"https:\/\/www.rochas.com\/wp-content\/uploads\/2021\/07\/DSC_9299-1-scaled.jpg\",\"datePublished\":\"2021-04-06T16:57:10+00:00\",\"dateModified\":\"2023-02-17T10:40:46+00:00\",\"description\":\"La elegancia es una fiesta. Descubre la filosof\u00eda de Rochas en Rochas.com: Juventud, Alegr\u00eda y Amor por la Naturaleza, los pilares de la marca\",\"breadcrumb\":{\"@id\":\"https:\/\/www.rochas.com\/es\/filosofia-rochas#breadcrumb\"},\"inLanguage\":\"es\",\"potentialAction\":[{\"@type\":\"ReadAction\",\"target\":[\"https:\/\/www.rochas.com\/es\/filosofia-rochas\"]}]},{\"@type\":\"ImageObject\",\"inLanguage\":\"es\",\"@id\":\"https:\/\/www.rochas.com\/es\/filosofia-rochas#primaryimage\",\"url\":\"https:\/\/www.rochas.com\/wp-content\/uploads\/2021\/07\/DSC_9299-1-scaled.jpg\",\"contentUrl\":\"https:\/\/www.rochas.com\/wp-content\/uploads\/2021\/07\/DSC_9299-1-scaled.jpg\",\"width\":2953,\"height\":4141},{\"@type\":\"BreadcrumbList\",\"@id\":\"https:\/\/www.rochas.com\/es\/filosofia-rochas#breadcrumb\",\"itemListElement\":[{\"@type\":\"ListItem\",\"position\":1,\"name\":\"Home\",\"item\":\"https:\/\/www.rochas.com\/es\"},{\"@type\":\"ListItem\",\"position\":2,\"name\":\"LA FILOSOF\u00cdA ROCHAS\"}]},{\"@type\":\"WebSite\",\"@id\":\"https:\/\/www.rochas.com\/es\/#website\",\"url\":\"https:\/\/www.rochas.com\/es\/\",\"name\":\"Rochas Sitio Oficial\",\"description\":\"Mode et parfum \u00e0 Paris depuis 1925\",\"potentialAction\":[{\"@type\":\"SearchAction\",\"target\":{\"@type\":\"EntryPoint\",\"urlTemplate\":\"https:\/\/www.rochas.com\/es\/?s={search_term_string}\"},\"query-input\":\"required name=search_term_string\"}],\"inLanguage\":\"es\"}]}<\/script>\n<!-- \/ Yoast SEO plugin. -->","yoast_head_json":{"title":"LA FILOSOF\u00cdA ROCHAS - Rochas Sitio Oficial","description":"La elegancia es una fiesta. Descubre la filosof\u00eda de Rochas en Rochas.com: Juventud, Alegr\u00eda y Amor por la Naturaleza, los pilares de la marca","robots":{"index":"index","follow":"follow","max-snippet":"max-snippet:-1","max-image-preview":"max-image-preview:large","max-video-preview":"max-video-preview:-1"},"canonical":"https:\/\/www.rochas.com\/es\/filosofia-rochas","og_locale":"es_ES","og_type":"article","og_title":"LA FILOSOF\u00cdA ROCHAS - Rochas Sitio Oficial","og_description":"La elegancia es una fiesta. Descubre la filosof\u00eda de Rochas en Rochas.com: Juventud, Alegr\u00eda y Amor por la Naturaleza, los pilares de la marca","og_url":"https:\/\/www.rochas.com\/es\/filosofia-rochas","og_site_name":"Rochas Sitio Oficial","article_modified_time":"2023-02-17T10:40:46+00:00","og_image":[{"width":2953,"height":4141,"url":"https:\/\/www.rochas.com\/wp-content\/uploads\/2021\/07\/DSC_9299-1-scaled.jpg","type":"image\/jpeg"}],"twitter_card":"summary_large_image","twitter_misc":{"Tiempo de lectura":"1 minuto"},"schema":{"@context":"https:\/\/schema.org","@graph":[{"@type":"WebPage","@id":"https:\/\/www.rochas.com\/es\/filosofia-rochas","url":"https:\/\/www.rochas.com\/es\/filosofia-rochas","name":"LA FILOSOF\u00cdA ROCHAS - Rochas Sitio Oficial","isPartOf":{"@id":"https:\/\/www.rochas.com\/es\/#website"},"primaryImageOfPage":{"@id":"https:\/\/www.rochas.com\/es\/filosofia-rochas#primaryimage"},"image":{"@id":"https:\/\/www.rochas.com\/es\/filosofia-rochas#primaryimage"},"thumbnailUrl":"https:\/\/www.rochas.com\/wp-content\/uploads\/2021\/07\/DSC_9299-1-scaled.jpg","datePublished":"2021-04-06T16:57:10+00:00","dateModified":"2023-02-17T10:40:46+00:00","description":"La elegancia es una fiesta. Descubre la filosof\u00eda de Rochas en Rochas.com: Juventud, Alegr\u00eda y Amor por la Naturaleza, los pilares de la marca","breadcrumb":{"@id":"https:\/\/www.rochas.com\/es\/filosofia-rochas#breadcrumb"},"inLanguage":"es","potentialAction":[{"@type":"ReadAction","target":["https:\/\/www.rochas.com\/es\/filosofia-rochas"]}]},{"@type":"ImageObject","inLanguage":"es","@id":"https:\/\/www.rochas.com\/es\/filosofia-rochas#primaryimage","url":"https:\/\/www.rochas.com\/wp-content\/uploads\/2021\/07\/DSC_9299-1-scaled.jpg","contentUrl":"https:\/\/www.rochas.com\/wp-content\/uploads\/2021\/07\/DSC_9299-1-scaled.jpg","width":2953,"height":4141},{"@type":"BreadcrumbList","@id":"https:\/\/www.rochas.com\/es\/filosofia-rochas#breadcrumb","itemListElement":[{"@type":"ListItem","position":1,"name":"Home","item":"https:\/\/www.rochas.com\/es"},{"@type":"ListItem","position":2,"name":"LA FILOSOF\u00cdA ROCHAS"}]},{"@type":"WebSite","@id":"https:\/\/www.rochas.com\/es\/#website","url":"https:\/\/www.rochas.com\/es\/","name":"Rochas Sitio Oficial","description":"Mode et parfum \u00e0 Paris depuis 1925","potentialAction":[{"@type":"SearchAction","target":{"@type":"EntryPoint","urlTemplate":"https:\/\/www.rochas.com\/es\/?s={search_term_string}"},"query-input":"required name=search_term_string"}],"inLanguage":"es"}]}},"_links":{"self":[{"href":"https:\/\/www.rochas.com\/es\/wp-json\/wp\/v2\/pages\/897"}],"collection":[{"href":"https:\/\/www.rochas.com\/es\/wp-json\/wp\/v2\/pages"}],"about":[{"href":"https:\/\/www.rochas.com\/es\/wp-json\/wp\/v2\/types\/page"}],"author":[{"embeddable":true,"href":"https:\/\/www.rochas.com\/es\/wp-json\/wp\/v2\/users\/1"}],"replies":[{"embeddable":true,"href":"https:\/\/www.rochas.com\/es\/wp-json\/wp\/v2\/comments?post=897"}],"version-history":[{"count":34,"href":"https:\/\/www.rochas.com\/es\/wp-json\/wp\/v2\/pages\/897\/revisions"}],"predecessor-version":[{"id":17899,"href":"https:\/\/www.rochas.com\/es\/wp-json\/wp\/v2\/pages\/897\/revisions\/17899"}],"wp:featuredmedia":[{"embeddable":true,"href":"https:\/\/www.rochas.com\/es\/wp-json\/wp\/v2\/media\/4125"}],"wp:attachment":[{"href":"https:\/\/www.rochas.com\/es\/wp-json\/wp\/v2\/media?parent=897"}],"wp:term":[{"taxonomy":"search_page_tag","embeddable":true,"href":"https:\/\/www.rochas.com\/es\/wp-json\/wp\/v2\/search_page_tag?post=897"}],"curies":[{"name":"wp","href":"https:\/\/api.w.org\/{rel}","templated":true}]}}